{"id":3117,"date":"2022-05-06T18:39:58","date_gmt":"2022-05-07T00:39:58","guid":{"rendered":"https:\/\/www.asociacionpasmo.org\/?page_id=3117"},"modified":"2024-12-11T12:57:42","modified_gmt":"2024-12-11T18:57:42","slug":"vih","status":"publish","type":"page","link":"https:\/\/www.asociacionpasmo.org\/en\/que-hacemos\/vih\/","title":{"rendered":"HIV"},"content":{"rendered":"<div data-elementor-type=\"wp-page\" data-elementor-id=\"3117\" class=\"elementor elementor-3117\" data-elementor-post-type=\"page\">\n\t\t\t\t\t\t<section class=\"elementor-section elementor-top-section elementor-element elementor-element-7ca3cf6 elementor-section-boxed elementor-section-height-default elementor-section-height-default\" data-id=\"7ca3cf6\" data-element_type=\"section\" data-e-type=\"section\" data-settings=\"{&quot;background_background&quot;:&quot;classic&quot;}\">\n\t\t\t\t\t\t<div class=\"elementor-container elementor-column-gap-default\">\n\t\t\t\t\t<div class=\"elementor-column elementor-col-100 elementor-top-column elementor-element elementor-element-8476c2c\" data-id=\"8476c2c\" data-element_type=\"column\" data-e-type=\"column\">\n\t\t\t<div class=\"elementor-widget-wrap elementor-element-populated\">\n\t\t\t\t\t\t<div class=\"elementor-element elementor-element-c98c41a elementor-widget elementor-widget-text-editor\" data-id=\"c98c41a\" data-element_type=\"widget\" data-e-type=\"widget\" data-widget_type=\"text-editor.default\">\n\t\t\t\t<div class=\"elementor-widget-container\">\n\t\t\t\t\t\t\t\t\t<p style=\"text-align: center;\"><span style=\"color: #000000;\"><strong>Prevenci\u00f3n, Cuidado y Tratamiento en VIH<\/strong><\/span><\/p>\t\t\t\t\t\t\t\t<\/div>\n\t\t\t\t<\/div>\n\t\t\t\t<div class=\"elementor-element elementor-element-79f1b66 elementor-widget elementor-widget-text-editor\" data-id=\"79f1b66\" data-element_type=\"widget\" data-e-type=\"widget\" data-widget_type=\"text-editor.default\">\n\t\t\t\t<div class=\"elementor-widget-container\">\n\t\t\t\t\t\t\t\t\t<p style=\"text-align: center;\"><span style=\"color: #000000;\"><span style=\"font-weight: bolder; font-family: Roboto, sans-serif; font-size: 14px; letter-spacing: normal; text-align: justify;\">Descripci\u00f3n del proyecto: <\/span><span style=\"font-family: var( --e-global-typography-text-font-family ), Sans-serif; font-size: var( --e-global-typography-text-font-size ); font-weight: var( --e-global-typography-text-font-weight ); letter-spacing: normal; text-align: justify; background-color: transparent;\">Prevenir y atender el VIH en Centroam\u00e9rica<\/span><\/span><\/p>\t\t\t\t\t\t\t\t<\/div>\n\t\t\t\t<\/div>\n\t\t\t\t\t<\/div>\n\t\t<\/div>\n\t\t\t\t\t<\/div>\n\t\t<\/section>\n\t\t\t\t<section class=\"elementor-section elementor-top-section elementor-element elementor-element-40a23d4 elementor-section-boxed elementor-section-height-default elementor-section-height-default\" data-id=\"40a23d4\" data-element_type=\"section\" data-e-type=\"section\" data-settings=\"{&quot;background_background&quot;:&quot;classic&quot;}\">\n\t\t\t\t\t\t<div class=\"elementor-container elementor-column-gap-narrow\">\n\t\t\t\t\t<div class=\"elementor-column elementor-col-50 elementor-top-column elementor-element elementor-element-38d6fd6\" data-id=\"38d6fd6\" data-element_type=\"column\" data-e-type=\"column\">\n\t\t\t<div class=\"elementor-widget-wrap elementor-element-populated\">\n\t\t\t\t\t\t<section class=\"elementor-section elementor-inner-section elementor-element elementor-element-00d9acf elementor-section-content-middle elementor-section-boxed elementor-section-height-default elementor-section-height-default\" data-id=\"00d9acf\" data-element_type=\"section\" data-e-type=\"section\">\n\t\t\t\t\t\t<div class=\"elementor-container elementor-column-gap-extended\">\n\t\t\t\t\t<div class=\"elementor-column elementor-col-100 elementor-inner-column elementor-element elementor-element-2fdff42\" data-id=\"2fdff42\" data-element_type=\"column\" data-e-type=\"column\">\n\t\t\t<div class=\"elementor-widget-wrap elementor-element-populated\">\n\t\t\t\t\t\t<div class=\"elementor-element elementor-element-a8f50d0 elementor-widget elementor-widget-text-editor\" data-id=\"a8f50d0\" data-element_type=\"widget\" data-e-type=\"widget\" data-widget_type=\"text-editor.default\">\n\t\t\t\t<div class=\"elementor-widget-container\">\n\t\t\t\t\t\t\t\t\t<h6><span style=\"color: #000000;\"><strong>\u00a0<\/strong><\/span><\/h6><h6><span style=\"color: #000000;\"><strong>Donante: <\/strong>Agencia de los Estados Unidos para el Desarrollo Internacional (USAID)<\/span><\/h6><h6><span style=\"color: #000000;\"><strong>Temporalidad: <\/strong>2023 &#8211; 2028<\/span><\/h6><h6><span style=\"color: #000000;\"><strong>\u00a0<\/strong><\/span><\/h6>\t\t\t\t\t\t\t\t<\/div>\n\t\t\t\t<\/div>\n\t\t\t\t\t<\/div>\n\t\t<\/div>\n\t\t\t\t\t<\/div>\n\t\t<\/section>\n\t\t\t\t\t<\/div>\n\t\t<\/div>\n\t\t\t\t<div class=\"elementor-column elementor-col-50 elementor-top-column elementor-element elementor-element-0b7f071\" data-id=\"0b7f071\" data-element_type=\"column\" data-e-type=\"column\">\n\t\t\t<div class=\"elementor-widget-wrap elementor-element-populated\">\n\t\t\t\t\t\t<section class=\"elementor-section elementor-inner-section elementor-element elementor-element-c28530c elementor-section-content-middle elementor-section-boxed elementor-section-height-default elementor-section-height-default\" data-id=\"c28530c\" data-element_type=\"section\" data-e-type=\"section\">\n\t\t\t\t\t\t<div class=\"elementor-container elementor-column-gap-extended\">\n\t\t\t\t\t<div class=\"elementor-column elementor-col-100 elementor-inner-column elementor-element elementor-element-e37ea65\" data-id=\"e37ea65\" data-element_type=\"column\" data-e-type=\"column\">\n\t\t\t<div class=\"elementor-widget-wrap elementor-element-populated\">\n\t\t\t\t\t\t<div class=\"elementor-element elementor-element-0493984 elementor-widget elementor-widget-text-editor\" data-id=\"0493984\" data-element_type=\"widget\" data-e-type=\"widget\" data-widget_type=\"text-editor.default\">\n\t\t\t\t<div class=\"elementor-widget-container\">\n\t\t\t\t\t\t\t\t\t<h6>\u00a0<\/h6><h6><span style=\"color: #000000;\">Cobertura<strong> geogr\u00e1fica:<\/strong>\u00a0Guatemala, Honduras, Honduras y Panam\u00e1.<\/span><\/h6><h6><span style=\"color: #000000;\"><strong>Poblaci\u00f3n meta:<\/strong>\u00a0Hombres que tienen sexo con hombres, mujeres trans, personas que viven con VIH y otras poblaciones vulnerables.<\/span><\/h6>\t\t\t\t\t\t\t\t<\/div>\n\t\t\t\t<\/div>\n\t\t\t\t\t<\/div>\n\t\t<\/div>\n\t\t\t\t\t<\/div>\n\t\t<\/section>\n\t\t\t\t\t<\/div>\n\t\t<\/div>\n\t\t\t\t\t<\/div>\n\t\t<\/section>\n\t\t\t\t<section class=\"elementor-section elementor-top-section elementor-element elementor-element-ab4f61e elementor-section-boxed elementor-section-height-default elementor-section-height-default\" data-id=\"ab4f61e\" data-element_type=\"section\" data-e-type=\"section\" data-settings=\"{&quot;background_background&quot;:&quot;classic&quot;}\">\n\t\t\t\t\t\t<div class=\"elementor-container elementor-column-gap-default\">\n\t\t\t\t\t<div class=\"elementor-column elementor-col-100 elementor-top-column elementor-element elementor-element-ae59777\" data-id=\"ae59777\" data-element_type=\"column\" data-e-type=\"column\">\n\t\t\t<div class=\"elementor-widget-wrap elementor-element-populated\">\n\t\t\t\t\t\t<div class=\"elementor-element elementor-element-5156c0a elementor-widget elementor-widget-text-editor\" data-id=\"5156c0a\" data-element_type=\"widget\" data-e-type=\"widget\" data-widget_type=\"text-editor.default\">\n\t\t\t\t<div class=\"elementor-widget-container\">\n\t\t\t\t\t\t\t\t\t<p><span style=\"color: #000000;\">Alcances 2023 -2024<\/span><\/p>\t\t\t\t\t\t\t\t<\/div>\n\t\t\t\t<\/div>\n\t\t\t\t<div class=\"elementor-element elementor-element-3080679 elementor-widget elementor-widget-text-editor\" data-id=\"3080679\" data-element_type=\"widget\" data-e-type=\"widget\" data-widget_type=\"text-editor.default\">\n\t\t\t\t<div class=\"elementor-widget-container\">\n\t\t\t\t\t\t\t\t\t<ul><li><h5><span style=\"font-weight: 400;\">14,739 personas de poblaciones clave alcanzadas con intervenciones de prevenci\u00f3n combinada en VIH en Centroam\u00e9rica., de los cuales 8,051 fueron alcanzados en l\u00ednea a trav\u00e9s de cyber-educadores en el a\u00f1o 2018.<\/span><\/h5><\/li><li><h5><span style=\"font-weight: 400;\">9,058 personas recibieron el servicio de prueba de VIH con consejer\u00eda con 1 de cada 20 pruebas con resultado reactivo y 64% de casos vinculados a servicios de atenci\u00f3n integral en salud en el a\u00f1o 2018.<\/span><\/h5><\/li><li><h5><span style=\"font-weight: 400;\">M\u00e1s de 30 laboratorios privados sensibilizados y ofertando servicios de prueba de VIH con consejer\u00eda bajo el Programa durante el a\u00f1o 2018.<\/span><\/h5><\/li><li><h5><span style=\"font-weight: 400;\">XX nuevos casos de VIH evitados en Centroam\u00e9rica durante el 2018 como resultados de las intervenciones de prevenci\u00f3n del Programa.<\/span><\/h5><\/li><\/ul>\t\t\t\t\t\t\t\t<\/div>\n\t\t\t\t<\/div>\n\t\t\t\t\t<\/div>\n\t\t<\/div>\n\t\t\t\t\t<\/div>\n\t\t<\/section>\n\t\t\t\t<section class=\"elementor-section elementor-top-section elementor-element elementor-element-7b28ce6 elementor-section-boxed elementor-section-height-default elementor-section-height-default\" data-id=\"7b28ce6\" data-element_type=\"section\" data-e-type=\"section\">\n\t\t\t\t\t\t<div class=\"elementor-container elementor-column-gap-default\">\n\t\t\t\t\t<div class=\"elementor-column elementor-col-100 elementor-top-column elementor-element elementor-element-3727104\" data-id=\"3727104\" data-element_type=\"column\" data-e-type=\"column\">\n\t\t\t<div class=\"elementor-widget-wrap elementor-element-populated\">\n\t\t\t\t\t\t<div class=\"elementor-element elementor-element-e21060b elementor-widget elementor-widget-spacer\" data-id=\"e21060b\" data-element_type=\"widget\" data-e-type=\"widget\" data-widget_type=\"spacer.default\">\n\t\t\t\t<div class=\"elementor-widget-container\">\n\t\t\t\t\t\t\t<div class=\"elementor-spacer\">\n\t\t\t<div class=\"elementor-spacer-inner\"><\/div>\n\t\t<\/div>\n\t\t\t\t\t\t<\/div>\n\t\t\t\t<\/div>\n\t\t\t\t\t<\/div>\n\t\t<\/div>\n\t\t\t\t\t<\/div>\n\t\t<\/section>\n\t\t\t\t<section class=\"elementor-section elementor-top-section elementor-element elementor-element-3758c47 elementor-section-boxed elementor-section-height-default elementor-section-height-default\" data-id=\"3758c47\" data-element_type=\"section\" data-e-type=\"section\" data-settings=\"{&quot;background_background&quot;:&quot;classic&quot;}\">\n\t\t\t\t\t\t<div class=\"elementor-container elementor-column-gap-default\">\n\t\t\t\t\t<div class=\"elementor-column elementor-col-100 elementor-top-column elementor-element elementor-element-c7144fb\" data-id=\"c7144fb\" data-element_type=\"column\" data-e-type=\"column\">\n\t\t\t<div class=\"elementor-widget-wrap elementor-element-populated\">\n\t\t\t\t\t\t<div class=\"elementor-element elementor-element-a687849 elementor-widget elementor-widget-text-editor\" data-id=\"a687849\" data-element_type=\"widget\" data-e-type=\"widget\" data-widget_type=\"text-editor.default\">\n\t\t\t\t<div class=\"elementor-widget-container\">\n\t\t\t\t\t\t\t\t\t<p style=\"text-align: center;\"><span style=\"color: #ffffff;\"><strong>Servicios de prevenci\u00f3n en VIH<\/strong><\/span><\/p>\t\t\t\t\t\t\t\t<\/div>\n\t\t\t\t<\/div>\n\t\t\t\t<div class=\"elementor-element elementor-element-ce70835 elementor-widget elementor-widget-text-editor\" data-id=\"ce70835\" data-element_type=\"widget\" data-e-type=\"widget\" data-widget_type=\"text-editor.default\">\n\t\t\t\t<div class=\"elementor-widget-container\">\n\t\t\t\t\t\t\t\t\t<p><span style=\"color: #ffffff;\"><span style=\"font-weight: bolder; font-family: Roboto, sans-serif; font-size: 14px; letter-spacing: normal; text-align: justify;\">Descripci\u00f3n del proyecto: <\/span><span style=\"font-family: var( --e-global-typography-text-font-family ), Sans-serif; font-size: var( --e-global-typography-text-font-size ); font-weight: var( --e-global-typography-text-font-weight ); letter-spacing: normal; text-align: justify; background-color: transparent;\">Prevenir el VIH en Centroam\u00e9rica<\/span><\/span><\/p>\t\t\t\t\t\t\t\t<\/div>\n\t\t\t\t<\/div>\n\t\t\t\t\t<\/div>\n\t\t<\/div>\n\t\t\t\t\t<\/div>\n\t\t<\/section>\n\t\t\t\t<section class=\"elementor-section elementor-top-section elementor-element elementor-element-b6265b1 elementor-section-boxed elementor-section-height-default elementor-section-height-default\" data-id=\"b6265b1\" data-element_type=\"section\" data-e-type=\"section\" data-settings=\"{&quot;background_background&quot;:&quot;classic&quot;}\">\n\t\t\t\t\t\t<div class=\"elementor-container elementor-column-gap-narrow\">\n\t\t\t\t\t<div class=\"elementor-column elementor-col-50 elementor-top-column elementor-element elementor-element-9034bb7\" data-id=\"9034bb7\" data-element_type=\"column\" data-e-type=\"column\">\n\t\t\t<div class=\"elementor-widget-wrap elementor-element-populated\">\n\t\t\t\t\t\t<section class=\"elementor-section elementor-inner-section elementor-element elementor-element-110ec26 elementor-section-content-middle elementor-section-boxed elementor-section-height-default elementor-section-height-default\" data-id=\"110ec26\" data-element_type=\"section\" data-e-type=\"section\">\n\t\t\t\t\t\t<div class=\"elementor-container elementor-column-gap-extended\">\n\t\t\t\t\t<div class=\"elementor-column elementor-col-100 elementor-inner-column elementor-element elementor-element-c3016a8\" data-id=\"c3016a8\" data-element_type=\"column\" data-e-type=\"column\">\n\t\t\t<div class=\"elementor-widget-wrap elementor-element-populated\">\n\t\t\t\t\t\t<div class=\"elementor-element elementor-element-29b5f9f elementor-widget elementor-widget-text-editor\" data-id=\"29b5f9f\" data-element_type=\"widget\" data-e-type=\"widget\" data-widget_type=\"text-editor.default\">\n\t\t\t\t<div class=\"elementor-widget-container\">\n\t\t\t\t\t\t\t\t\t<p><span style=\"color: #ffffff;\"><strong>\u00a0<\/strong><\/span><\/p><p><span style=\"color: #ffffff;\"><strong>Donante:\u00a0<\/strong><span style=\"letter-spacing: 0px;\">Agencia de los Estados Unidos para el Desarrollo Internacional (USAID)<\/span><\/span><\/p><p><span style=\"color: #ffffff;\"><strong>\u00a0Temporalidad: <\/strong>2020 -2023<\/span><\/p><p><span style=\"color: #ffffff;\"><strong>\u00a0<\/strong><\/span><\/p>\t\t\t\t\t\t\t\t<\/div>\n\t\t\t\t<\/div>\n\t\t\t\t\t<\/div>\n\t\t<\/div>\n\t\t\t\t\t<\/div>\n\t\t<\/section>\n\t\t\t\t\t<\/div>\n\t\t<\/div>\n\t\t\t\t<div class=\"elementor-column elementor-col-50 elementor-top-column elementor-element elementor-element-94df3af\" data-id=\"94df3af\" data-element_type=\"column\" data-e-type=\"column\">\n\t\t\t<div class=\"elementor-widget-wrap elementor-element-populated\">\n\t\t\t\t\t\t<section class=\"elementor-section elementor-inner-section elementor-element elementor-element-defb78c elementor-section-content-middle elementor-section-boxed elementor-section-height-default elementor-section-height-default\" data-id=\"defb78c\" data-element_type=\"section\" data-e-type=\"section\">\n\t\t\t\t\t\t<div class=\"elementor-container elementor-column-gap-extended\">\n\t\t\t\t\t<div class=\"elementor-column elementor-col-100 elementor-inner-column elementor-element elementor-element-47d7b61\" data-id=\"47d7b61\" data-element_type=\"column\" data-e-type=\"column\">\n\t\t\t<div class=\"elementor-widget-wrap elementor-element-populated\">\n\t\t\t\t\t\t<div class=\"elementor-element elementor-element-978c561 elementor-widget elementor-widget-text-editor\" data-id=\"978c561\" data-element_type=\"widget\" data-e-type=\"widget\" data-widget_type=\"text-editor.default\">\n\t\t\t\t<div class=\"elementor-widget-container\">\n\t\t\t\t\t\t\t\t\t<p><span style=\"color: #ffffff;\"><strong>Cobertura geogr\u00e1fica:<\/strong>\u00a0Guatemala, El Salvador, Honduras, Nicaragua y Panam\u00e1.<\/span><\/p><p><span style=\"color: #ffffff;\"><strong>Poblaci\u00f3n meta:<\/strong>\u00a0<span style=\"letter-spacing: 0px;\">Hombres que tienen sexo con hombres, mujeres trans.<\/span><\/span><\/p>\t\t\t\t\t\t\t\t<\/div>\n\t\t\t\t<\/div>\n\t\t\t\t\t<\/div>\n\t\t<\/div>\n\t\t\t\t\t<\/div>\n\t\t<\/section>\n\t\t\t\t\t<\/div>\n\t\t<\/div>\n\t\t\t\t\t<\/div>\n\t\t<\/section>\n\t\t\t\t<section class=\"elementor-section elementor-top-section elementor-element elementor-element-11fc7d4 elementor-section-boxed elementor-section-height-default elementor-section-height-default\" data-id=\"11fc7d4\" data-element_type=\"section\" data-e-type=\"section\" data-settings=\"{&quot;background_background&quot;:&quot;classic&quot;}\">\n\t\t\t\t\t\t<div class=\"elementor-container elementor-column-gap-default\">\n\t\t\t\t\t<div class=\"elementor-column elementor-col-100 elementor-top-column elementor-element elementor-element-60e070b\" data-id=\"60e070b\" data-element_type=\"column\" data-e-type=\"column\">\n\t\t\t<div class=\"elementor-widget-wrap elementor-element-populated\">\n\t\t\t\t\t\t<div class=\"elementor-element elementor-element-6b66d63 elementor-widget elementor-widget-text-editor\" data-id=\"6b66d63\" data-element_type=\"widget\" data-e-type=\"widget\" data-widget_type=\"text-editor.default\">\n\t\t\t\t<div class=\"elementor-widget-container\">\n\t\t\t\t\t\t\t\t\t<p>Alcances\u00a0<\/p>\t\t\t\t\t\t\t\t<\/div>\n\t\t\t\t<\/div>\n\t\t\t\t<div class=\"elementor-element elementor-element-7e9164e elementor-widget elementor-widget-text-editor\" data-id=\"7e9164e\" data-element_type=\"widget\" data-e-type=\"widget\" data-widget_type=\"text-editor.default\">\n\t\t\t\t<div class=\"elementor-widget-container\">\n\t\t\t\t\t\t\t\t\t<ul><li style=\"font-weight: 400;\" aria-level=\"1\"><span style=\"font-weight: 400;\">14,739 personas de poblaciones clave alcanzadas con intervenciones de prevenci\u00f3n combinada en VIH en Centroam\u00e9rica., de los cuales 8,051 fueron alcanzados en l\u00ednea a trav\u00e9s de cyber-educadores en el a\u00f1o 2018.<\/span><\/li><li style=\"font-weight: 400;\" aria-level=\"1\"><span style=\"font-weight: 400;\">9,058 personas recibieron el servicio de prueba de VIH con consejer\u00eda con 1 de cada 20 pruebas con resultado reactivo y 64% de casos vinculados a servicios de atenci\u00f3n integral en salud en el a\u00f1o 2018.<\/span><\/li><li style=\"font-weight: 400;\" aria-level=\"1\"><span style=\"font-weight: 400;\">M\u00e1s de 30 laboratorios privados sensibilizados y ofertando servicios de prueba de VIH con consejer\u00eda bajo el Programa durante el a\u00f1o 2018.<\/span><\/li><li style=\"font-weight: 400;\" aria-level=\"1\"><span style=\"font-weight: 400;\">XX nuevos casos de VIH evitados en Centroam\u00e9rica durante el 2018 como resultados de las intervenciones de prevenci\u00f3n del Programa.<\/span><\/li><\/ul>\t\t\t\t\t\t\t\t<\/div>\n\t\t\t\t<\/div>\n\t\t\t\t\t<\/div>\n\t\t<\/div>\n\t\t\t\t\t<\/div>\n\t\t<\/section>\n\t\t\t\t<section class=\"elementor-section elementor-top-section elementor-element elementor-element-31ca1f3 elementor-section-boxed elementor-section-height-default elementor-section-height-default\" data-id=\"31ca1f3\" data-element_type=\"section\" data-e-type=\"section\">\n\t\t\t\t\t\t<div class=\"elementor-container elementor-column-gap-default\">\n\t\t\t\t\t<div class=\"elementor-column elementor-col-100 elementor-top-column elementor-element elementor-element-f70afb9\" data-id=\"f70afb9\" data-element_type=\"column\" data-e-type=\"column\">\n\t\t\t<div class=\"elementor-widget-wrap elementor-element-populated\">\n\t\t\t\t\t\t<div class=\"elementor-element elementor-element-ffbd027 elementor-widget elementor-widget-spacer\" data-id=\"ffbd027\" data-element_type=\"widget\" data-e-type=\"widget\" data-widget_type=\"spacer.default\">\n\t\t\t\t<div class=\"elementor-widget-container\">\n\t\t\t\t\t\t\t<div class=\"elementor-spacer\">\n\t\t\t<div class=\"elementor-spacer-inner\"><\/div>\n\t\t<\/div>\n\t\t\t\t\t\t<\/div>\n\t\t\t\t<\/div>\n\t\t\t\t\t<\/div>\n\t\t<\/div>\n\t\t\t\t\t<\/div>\n\t\t<\/section>\n\t\t\t\t<section class=\"elementor-section elementor-top-section elementor-element elementor-element-aa7e004 elementor-section-boxed elementor-section-height-default elementor-section-height-default\" data-id=\"aa7e004\" data-element_type=\"section\" data-e-type=\"section\">\n\t\t\t\t\t\t\t<div class=\"elementor-background-overlay\"><\/div>\n\t\t\t\t\t\t\t<div class=\"elementor-container elementor-column-gap-default\">\n\t\t\t\t\t<div class=\"elementor-column elementor-col-100 elementor-top-column elementor-element elementor-element-20398ba\" data-id=\"20398ba\" data-element_type=\"column\" data-e-type=\"column\">\n\t\t\t<div class=\"elementor-widget-wrap elementor-element-populated\">\n\t\t\t\t\t\t<div class=\"elementor-element elementor-element-5fd3f51 elementor-widget elementor-widget-text-editor\" data-id=\"5fd3f51\" data-element_type=\"widget\" data-e-type=\"widget\" data-widget_type=\"text-editor.default\">\n\t\t\t\t<div class=\"elementor-widget-container\">\n\t\t\t\t\t\t\t\t\t<p style=\"text-align: center;\"><span style=\"color: #ffffff;\"><strong>Servicios de Prevenci\u00f3n Combinada<\/strong><\/span><\/p>\t\t\t\t\t\t\t\t<\/div>\n\t\t\t\t<\/div>\n\t\t\t\t<div class=\"elementor-element elementor-element-e76fc13 elementor-widget elementor-widget-text-editor\" data-id=\"e76fc13\" data-element_type=\"widget\" data-e-type=\"widget\" data-widget_type=\"text-editor.default\">\n\t\t\t\t<div class=\"elementor-widget-container\">\n\t\t\t\t\t\t\t\t\t<p><span style=\"color: #ffffff;\"><span style=\"font-weight: bolder; font-family: Roboto, sans-serif; font-size: 14px; letter-spacing: normal; text-align: justify;\">Descripci\u00f3n del proyecto: <\/span><span style=\"font-family: var( --e-global-typography-text-font-family ), Sans-serif; font-size: var( --e-global-typography-text-font-size ); font-weight: var( --e-global-typography-text-font-weight ); letter-spacing: normal; text-align: justify; background-color: transparent;\">Prevenir el VIH en Centroam\u00e9rica<\/span><\/span><\/p>\t\t\t\t\t\t\t\t<\/div>\n\t\t\t\t<\/div>\n\t\t\t\t\t<\/div>\n\t\t<\/div>\n\t\t\t\t\t<\/div>\n\t\t<\/section>\n\t\t\t\t<section class=\"elementor-section elementor-top-section elementor-element elementor-element-6fe4037 elementor-section-boxed elementor-section-height-default elementor-section-height-default\" data-id=\"6fe4037\" data-element_type=\"section\" data-e-type=\"section\">\n\t\t\t\t\t\t\t<div class=\"elementor-background-overlay\"><\/div>\n\t\t\t\t\t\t\t<div class=\"elementor-container elementor-column-gap-default\">\n\t\t\t\t\t<div class=\"elementor-column elementor-col-50 elementor-top-column elementor-element elementor-element-9e69b04\" data-id=\"9e69b04\" data-element_type=\"column\" data-e-type=\"column\">\n\t\t\t<div class=\"elementor-widget-wrap elementor-element-populated\">\n\t\t\t\t\t\t<section class=\"elementor-section elementor-inner-section elementor-element elementor-element-44e1c36 elementor-section-content-middle elementor-section-boxed elementor-section-height-default elementor-section-height-default\" data-id=\"44e1c36\" data-element_type=\"section\" data-e-type=\"section\">\n\t\t\t\t\t\t<div class=\"elementor-container elementor-column-gap-extended\">\n\t\t\t\t\t<div class=\"elementor-column elementor-col-100 elementor-inner-column elementor-element elementor-element-93dc3e9\" data-id=\"93dc3e9\" data-element_type=\"column\" data-e-type=\"column\">\n\t\t\t<div class=\"elementor-widget-wrap elementor-element-populated\">\n\t\t\t\t\t\t<div class=\"elementor-element elementor-element-7af9695 elementor-widget elementor-widget-text-editor\" data-id=\"7af9695\" data-element_type=\"widget\" data-e-type=\"widget\" data-widget_type=\"text-editor.default\">\n\t\t\t\t<div class=\"elementor-widget-container\">\n\t\t\t\t\t\t\t\t\t<p><span style=\"color: #ffffff;\"><strong>\u00a0<\/strong><\/span><\/p><p><span style=\"color: #ffffff;\"><strong>Donante:\u00a0<\/strong><span style=\"letter-spacing: 0px;\">Agencia de los Estados Unidos para el Desarrollo Internacional (USAID)<\/span><\/span><\/p><p><span style=\"color: #ffffff;\"><strong>\u00a0Temporalidad: <\/strong>2010 &#8211; 2020<\/span><\/p><p><span style=\"color: #ffffff;\"><strong>\u00a0<\/strong><\/span><\/p>\t\t\t\t\t\t\t\t<\/div>\n\t\t\t\t<\/div>\n\t\t\t\t\t<\/div>\n\t\t<\/div>\n\t\t\t\t\t<\/div>\n\t\t<\/section>\n\t\t\t\t\t<\/div>\n\t\t<\/div>\n\t\t\t\t<div class=\"elementor-column elementor-col-50 elementor-top-column elementor-element elementor-element-851500d\" data-id=\"851500d\" data-element_type=\"column\" data-e-type=\"column\">\n\t\t\t<div class=\"elementor-widget-wrap elementor-element-populated\">\n\t\t\t\t\t\t<section class=\"elementor-section elementor-inner-section elementor-element elementor-element-0e967fe elementor-section-content-middle elementor-section-boxed elementor-section-height-default elementor-section-height-default\" data-id=\"0e967fe\" data-element_type=\"section\" data-e-type=\"section\">\n\t\t\t\t\t\t<div class=\"elementor-container elementor-column-gap-extended\">\n\t\t\t\t\t<div class=\"elementor-column elementor-col-100 elementor-inner-column elementor-element elementor-element-09ea010\" data-id=\"09ea010\" data-element_type=\"column\" data-e-type=\"column\">\n\t\t\t<div class=\"elementor-widget-wrap elementor-element-populated\">\n\t\t\t\t\t\t<div class=\"elementor-element elementor-element-d347b9a elementor-widget elementor-widget-text-editor\" data-id=\"d347b9a\" data-element_type=\"widget\" data-e-type=\"widget\" data-widget_type=\"text-editor.default\">\n\t\t\t\t<div class=\"elementor-widget-container\">\n\t\t\t\t\t\t\t\t\t<p><span style=\"color: #ffffff;\"><strong>Cobertura geogr\u00e1fica:<\/strong>\u00a0Guatemala, Belice El Salvador, Costa Rica, Honduras, Panam\u00e1 y M\u00e9xico.<\/span><\/p><p><span style=\"color: #ffffff;\"><strong>Poblaci\u00f3n meta:<\/strong>\u00a0Mujeres embarazadas, personas que viven en zonas vulnerables en temporada de lluvia.<\/span><\/p>\t\t\t\t\t\t\t\t<\/div>\n\t\t\t\t<\/div>\n\t\t\t\t\t<\/div>\n\t\t<\/div>\n\t\t\t\t\t<\/div>\n\t\t<\/section>\n\t\t\t\t\t<\/div>\n\t\t<\/div>\n\t\t\t\t\t<\/div>\n\t\t<\/section>\n\t\t\t\t<section class=\"elementor-section elementor-top-section elementor-element elementor-element-78416b5 elementor-section-boxed elementor-section-height-default elementor-section-height-default\" data-id=\"78416b5\" data-element_type=\"section\" data-e-type=\"section\" data-settings=\"{&quot;background_background&quot;:&quot;classic&quot;}\">\n\t\t\t\t\t\t<div class=\"elementor-container elementor-column-gap-default\">\n\t\t\t\t\t<div class=\"elementor-column elementor-col-100 elementor-top-column elementor-element elementor-element-dd6dccb\" data-id=\"dd6dccb\" data-element_type=\"column\" data-e-type=\"column\">\n\t\t\t<div class=\"elementor-widget-wrap elementor-element-populated\">\n\t\t\t\t\t\t<div class=\"elementor-element elementor-element-462ba1c elementor-widget elementor-widget-text-editor\" data-id=\"462ba1c\" data-element_type=\"widget\" data-e-type=\"widget\" data-widget_type=\"text-editor.default\">\n\t\t\t\t<div class=\"elementor-widget-container\">\n\t\t\t\t\t\t\t\t\t<p><span style=\"color: #000000;\">Alcances\u00a0<\/span><\/p>\t\t\t\t\t\t\t\t<\/div>\n\t\t\t\t<\/div>\n\t\t\t\t<div class=\"elementor-element elementor-element-1b2f8d0 elementor-widget elementor-widget-text-editor\" data-id=\"1b2f8d0\" data-element_type=\"widget\" data-e-type=\"widget\" data-widget_type=\"text-editor.default\">\n\t\t\t\t<div class=\"elementor-widget-container\">\n\t\t\t\t\t\t\t\t\t<ul><li style=\"font-weight: 400;\" aria-level=\"1\"><span style=\"font-weight: 400; color: #ffffff;\">14,739 personas de poblaciones clave alcanzadas con intervenciones de prevenci\u00f3n combinada en VIH en Centroam\u00e9rica., de los cuales 8,051 fueron alcanzados en l\u00ednea a trav\u00e9s de cyber-educadores en el a\u00f1o 2018.<\/span><\/li><li style=\"font-weight: 400;\" aria-level=\"1\"><span style=\"font-weight: 400; color: #ffffff;\">9,058 personas recibieron el servicio de prueba de VIH con consejer\u00eda con 1 de cada 20 pruebas con resultado reactivo y 64% de casos vinculados a servicios de atenci\u00f3n integral en salud en el a\u00f1o 2018.<\/span><\/li><li style=\"font-weight: 400;\" aria-level=\"1\"><span style=\"font-weight: 400; color: #ffffff;\">M\u00e1s de 30 laboratorios privados sensibilizados y ofertando servicios de prueba de VIH con consejer\u00eda bajo el Programa durante el a\u00f1o 2018.<\/span><\/li><li style=\"font-weight: 400;\" aria-level=\"1\"><span style=\"font-weight: 400; color: #ffffff;\">XX nuevos casos de VIH evitados en Centroam\u00e9rica durante el 2018 como resultados de las intervenciones de prevenci\u00f3n del Programa.<\/span><\/li><\/ul>\t\t\t\t\t\t\t\t<\/div>\n\t\t\t\t<\/div>\n\t\t\t\t\t<\/div>\n\t\t<\/div>\n\t\t\t\t\t<\/div>\n\t\t<\/section>\n\t\t\t\t<section class=\"elementor-section elementor-top-section elementor-element elementor-element-b230eda elementor-section-boxed elementor-section-height-default elementor-section-height-default\" data-id=\"b230eda\" data-element_type=\"section\" data-e-type=\"section\">\n\t\t\t\t\t\t<div class=\"elementor-container elementor-column-gap-default\">\n\t\t\t\t\t<div class=\"elementor-column elementor-col-100 elementor-top-column elementor-element elementor-element-aa86978\" data-id=\"aa86978\" data-element_type=\"column\" data-e-type=\"column\">\n\t\t\t<div class=\"elementor-widget-wrap elementor-element-populated\">\n\t\t\t\t\t\t<div class=\"elementor-element elementor-element-c5f6451 elementor-widget elementor-widget-spacer\" data-id=\"c5f6451\" data-element_type=\"widget\" data-e-type=\"widget\" data-widget_type=\"spacer.default\">\n\t\t\t\t<div class=\"elementor-widget-container\">\n\t\t\t\t\t\t\t<div class=\"elementor-spacer\">\n\t\t\t<div class=\"elementor-spacer-inner\"><\/div>\n\t\t<\/div>\n\t\t\t\t\t\t<\/div>\n\t\t\t\t<\/div>\n\t\t\t\t<section class=\"elementor-section elementor-inner-section elementor-element elementor-element-c5f5459 elementor-section-boxed elementor-section-height-default elementor-section-height-default\" data-id=\"c5f5459\" data-element_type=\"section\" data-e-type=\"section\">\n\t\t\t\t\t\t<div class=\"elementor-container elementor-column-gap-default\">\n\t\t\t\t\t<div class=\"elementor-column elementor-col-50 elementor-inner-column elementor-element elementor-element-09f3e56\" data-id=\"09f3e56\" data-element_type=\"column\" data-e-type=\"column\">\n\t\t\t<div class=\"elementor-widget-wrap elementor-element-populated\">\n\t\t\t\t\t\t<div class=\"elementor-element elementor-element-aca87b7 elementor-widget elementor-widget-text-editor\" data-id=\"aca87b7\" data-element_type=\"widget\" data-e-type=\"widget\" data-widget_type=\"text-editor.default\">\n\t\t\t\t<div class=\"elementor-widget-container\">\n\t\t\t\t\t\t\t\t\t<p>Espacio para descargas y links: <span style=\"text-decoration: underline;\"><a href=\"http:\/\/www.psi.org\/hiv-findings\"><span style=\"font-weight: 400;\">www.psi.org\/hiv-findings<\/span><\/a><\/span><\/p>\t\t\t\t\t\t\t\t<\/div>\n\t\t\t\t<\/div>\n\t\t\t\t\t<\/div>\n\t\t<\/div>\n\t\t\t\t<div class=\"elementor-column elementor-col-50 elementor-inner-column elementor-element elementor-element-2442d2c\" data-id=\"2442d2c\" data-element_type=\"column\" data-e-type=\"column\">\n\t\t\t<div class=\"elementor-widget-wrap elementor-element-populated\">\n\t\t\t\t\t\t<div class=\"elementor-element elementor-element-931fc02 elementor-align-right elementor-widget elementor-widget-button\" data-id=\"931fc02\" data-element_type=\"widget\" data-e-type=\"widget\" data-widget_type=\"button.default\">\n\t\t\t\t<div class=\"elementor-widget-container\">\n\t\t\t\t\t\t\t\t\t<div class=\"elementor-button-wrapper\">\n\t\t\t\t\t<a class=\"elementor-button elementor-button-link elementor-size-sm\" href=\"https:\/\/www.asociacionpasmo.org\/en\/que-hacemos\/\">\n\t\t\t\t\t\t<span class=\"elementor-button-content-wrapper\">\n\t\t\t\t\t\t\t\t\t<span class=\"elementor-button-text\">Regresar<\/span>\n\t\t\t\t\t<\/span>\n\t\t\t\t\t<\/a>\n\t\t\t\t<\/div>\n\t\t\t\t\t\t\t\t<\/div>\n\t\t\t\t<\/div>\n\t\t\t\t\t<\/div>\n\t\t<\/div>\n\t\t\t\t\t<\/div>\n\t\t<\/section>\n\t\t\t\t<div class=\"elementor-element elementor-element-ce28764 elementor-widget elementor-widget-spacer\" data-id=\"ce28764\" data-element_type=\"widget\" data-e-type=\"widget\" data-widget_type=\"spacer.default\">\n\t\t\t\t<div class=\"elementor-widget-container\">\n\t\t\t\t\t\t\t<div class=\"elementor-spacer\">\n\t\t\t<div class=\"elementor-spacer-inner\"><\/div>\n\t\t<\/div>\n\t\t\t\t\t\t<\/div>\n\t\t\t\t<\/div>\n\t\t\t\t\t<\/div>\n\t\t<\/div>\n\t\t\t\t\t<\/div>\n\t\t<\/section>\n\t\t\t\t<\/div>","protected":false},"excerpt":{"rendered":"<p>Prevenci\u00f3n, Cuidado y Tratamiento en VIH Descripci\u00f3n del proyecto: Prevenir y atender el VIH en Centroam\u00e9rica \u00a0 Donante: Agencia de los Estados Unidos para el Desarrollo Internacional (USAID) Temporalidad: 2023 &#8211; 2028 \u00a0 \u00a0 Cobertura geogr\u00e1fica:\u00a0Guatemala, Honduras, Honduras y Panam\u00e1. Poblaci\u00f3n meta:\u00a0Hombres que tienen sexo con hombres, mujeres trans, personas que viven con VIH y&#8230;<\/p>","protected":false},"author":1,"featured_media":0,"parent":1969,"menu_order":0,"comment_status":"closed","ping_status":"closed","template":"","meta":{"_kad_post_transparent":"default","_kad_post_title":"hide","_kad_post_layout":"fullwidth","_kad_post_sidebar_id":"","_kad_post_content_style":"unboxed","_kad_post_vertical_padding":"hide","_kad_post_feature":"hide","_kad_post_feature_position":"","_kad_post_header":false,"_kad_post_footer":false,"footnotes":""},"class_list":["post-3117","page","type-page","status-publish","hentry"],"yoast_head":"<!-- This site is optimized with the Yoast SEO plugin v27.5 - https:\/\/yoast.com\/product\/yoast-seo-wordpress\/ -->\n<title>VIH - Asociaci\u00f3n Pasmo<\/title>\n<meta name=\"robots\" content=\"index, follow, max-snippet:-1, max-image-preview:large, max-video-preview:-1\" \/>\n<link rel=\"canonical\" href=\"https:\/\/www.asociacionpasmo.org\/en\/que-hacemos\/vih\/\" \/>\n<meta property=\"og:locale\" content=\"en_US\" \/>\n<meta property=\"og:type\" content=\"article\" \/>\n<meta property=\"og:title\" content=\"VIH - Asociaci\u00f3n Pasmo\" \/>\n<meta property=\"og:description\" content=\"Prevenci\u00f3n, Cuidado y Tratamiento en VIH Descripci\u00f3n del proyecto: Prevenir y atender el VIH en Centroam\u00e9rica \u00a0 Donante: Agencia de los Estados Unidos para el Desarrollo Internacional (USAID) Temporalidad: 2023 &#8211; 2028 \u00a0 \u00a0 Cobertura geogr\u00e1fica:\u00a0Guatemala, Honduras, Honduras y Panam\u00e1. Poblaci\u00f3n meta:\u00a0Hombres que tienen sexo con hombres, mujeres trans, personas que viven con VIH y...\" \/>\n<meta property=\"og:url\" content=\"https:\/\/www.asociacionpasmo.org\/en\/que-hacemos\/vih\/\" \/>\n<meta property=\"og:site_name\" content=\"Asociaci\u00f3n Pasmo\" \/>\n<meta property=\"article:modified_time\" content=\"2024-12-11T18:57:42+00:00\" \/>\n<meta name=\"twitter:card\" content=\"summary_large_image\" \/>\n<meta name=\"twitter:label1\" content=\"Est. reading time\" \/>\n\t<meta name=\"twitter:data1\" content=\"3 minutes\" \/>\n<!-- \/ Yoast SEO plugin. -->","yoast_head_json":{"title":"VIH - Asociaci\u00f3n Pasmo","robots":{"index":"index","follow":"follow","max-snippet":"max-snippet:-1","max-image-preview":"max-image-preview:large","max-video-preview":"max-video-preview:-1"},"canonical":"https:\/\/www.asociacionpasmo.org\/en\/que-hacemos\/vih\/","og_locale":"en_US","og_type":"article","og_title":"VIH - Asociaci\u00f3n Pasmo","og_description":"Prevenci\u00f3n, Cuidado y Tratamiento en VIH Descripci\u00f3n del proyecto: Prevenir y atender el VIH en Centroam\u00e9rica \u00a0 Donante: Agencia de los Estados Unidos para el Desarrollo Internacional (USAID) Temporalidad: 2023 &#8211; 2028 \u00a0 \u00a0 Cobertura geogr\u00e1fica:\u00a0Guatemala, Honduras, Honduras y Panam\u00e1. Poblaci\u00f3n meta:\u00a0Hombres que tienen sexo con hombres, mujeres trans, personas que viven con VIH y...","og_url":"https:\/\/www.asociacionpasmo.org\/en\/que-hacemos\/vih\/","og_site_name":"Asociaci\u00f3n Pasmo","article_modified_time":"2024-12-11T18:57:42+00:00","twitter_card":"summary_large_image","twitter_misc":{"Est. reading time":"3 minutes"},"schema":{"@context":"https:\/\/schema.org","@graph":[{"@type":"WebPage","@id":"https:\/\/www.asociacionpasmo.org\/que-hacemos\/vih\/","url":"https:\/\/www.asociacionpasmo.org\/que-hacemos\/vih\/","name":"VIH - Asociaci\u00f3n Pasmo","isPartOf":{"@id":"https:\/\/www.asociacionpasmo.org\/#website"},"datePublished":"2022-05-07T00:39:58+00:00","dateModified":"2024-12-11T18:57:42+00:00","breadcrumb":{"@id":"https:\/\/www.asociacionpasmo.org\/que-hacemos\/vih\/#breadcrumb"},"inLanguage":"en-US","potentialAction":[{"@type":"ReadAction","target":["https:\/\/www.asociacionpasmo.org\/que-hacemos\/vih\/"]}]},{"@type":"BreadcrumbList","@id":"https:\/\/www.asociacionpasmo.org\/que-hacemos\/vih\/#breadcrumb","itemListElement":[{"@type":"ListItem","position":1,"name":"Portada","item":"https:\/\/www.asociacionpasmo.org\/"},{"@type":"ListItem","position":2,"name":"\u00bfQu\u00e9 hacemos?","item":"https:\/\/www.asociacionpasmo.org\/en\/que-hacemos\/"},{"@type":"ListItem","position":3,"name":"VIH"}]},{"@type":"WebSite","@id":"https:\/\/www.asociacionpasmo.org\/#website","url":"https:\/\/www.asociacionpasmo.org\/","name":"Asociaci\u00f3n Pasmo","description":"","potentialAction":[{"@type":"SearchAction","target":{"@type":"EntryPoint","urlTemplate":"https:\/\/www.asociacionpasmo.org\/?s={search_term_string}"},"query-input":{"@type":"PropertyValueSpecification","valueRequired":true,"valueName":"search_term_string"}}],"inLanguage":"en-US"}]}},"_links":{"self":[{"href":"https:\/\/www.asociacionpasmo.org\/en\/wp-json\/wp\/v2\/pages\/3117","targetHints":{"allow":["GET"]}}],"collection":[{"href":"https:\/\/www.asociacionpasmo.org\/en\/wp-json\/wp\/v2\/pages"}],"about":[{"href":"https:\/\/www.asociacionpasmo.org\/en\/wp-json\/wp\/v2\/types\/page"}],"author":[{"embeddable":true,"href":"https:\/\/www.asociacionpasmo.org\/en\/wp-json\/wp\/v2\/users\/1"}],"replies":[{"embeddable":true,"href":"https:\/\/www.asociacionpasmo.org\/en\/wp-json\/wp\/v2\/comments?post=3117"}],"version-history":[{"count":36,"href":"https:\/\/www.asociacionpasmo.org\/en\/wp-json\/wp\/v2\/pages\/3117\/revisions"}],"predecessor-version":[{"id":5763,"href":"https:\/\/www.asociacionpasmo.org\/en\/wp-json\/wp\/v2\/pages\/3117\/revisions\/5763"}],"up":[{"embeddable":true,"href":"https:\/\/www.asociacionpasmo.org\/en\/wp-json\/wp\/v2\/pages\/1969"}],"wp:attachment":[{"href":"https:\/\/www.asociacionpasmo.org\/en\/wp-json\/wp\/v2\/media?parent=3117"}],"curies":[{"name":"wp","href":"https:\/\/api.w.org\/{rel}","templated":true}]}}